{"version":"1.0","provider_name":"Ir\u00e1ny Bali","provider_url":"https:\/\/iranybali.cafeblog.hu","author_name":"Hemz\u0151 No\u00e9mi","author_url":"https:\/\/iranybali.cafeblog.hu\/author\/hemzo_noemi\/","title":"A balin\u00e9z kasztrendszer","html":"<a href=\"https:\/\/iranybali.cafeblog.hu\/files\/2014\/05\/balin\u00e9zek.jpg\"><img class=\"size-medium wp-image-297 aligncenter\" src=\"https:\/\/iranybali.cafeblog.hu\/files\/2014\/05\/balin\u00e9zek-300x199.jpg\" alt=\"balin\u00e9zek\" width=\"300\" height=\"199\" \/><\/a>\r\n\r\nBalin rengeteg \u00e9rdekes dolog van, az egyik ilyen a mai napig \u00e9l\u0151, \u0151si balin\u00e9z\u00a0kasztrendszer. Az egyik ismer\u0151s\u00f6m k\u00e9rdezett r\u00f3la \u00e9s mivel semmi inform\u00e1ci\u00f3m nem volt az eg\u00e9szr\u0151l, ez\u00e9rt megk\u00e9rdeztem a\u00a0balin\u00e9z f\u0151b\u00e9rl\u0151nket, Made-t.\u00a0\u00a0Rengeteg inform\u00e1ci\u00f3hoz jutottam, \u00fagyhogy gyorsan le is jegyeztem,\u00a0 hogy meg tudjam osztani Veletek:)\r\n\r\nA balin\u00e9z, hindu kasztrendszerben\u00a0n\u00e9gyf\u00e9le kasztot k\u00fcl\u00f6nb\u00f6ztet\u00fcnk meg...\r\n\r\n<strong>Brahmana<\/strong>, a papok \u00e9s tan\u00edt\u00f3k kasztja. Ez a legmagasabb szint a kasztok k\u00f6z\u00f6tt. Ezut\u00e1n k\u00f6vetkezik a s<strong>atria<\/strong>, a harcosok \u00e9s\u00a0 kir\u00e1lyok, vagyis maga az arisztokr\u00e1cia. Majd a w<strong>esya<\/strong>, keresked\u0151k \u00e9s k\u00e9zm\u0171vesek kasztja. V\u00e9g\u00fcl a s<strong>udra<\/strong>, vagyis a k\u00f6zemberek kasztja. Ahogy Made \u00e9s csal\u00e1dja, a balin\u00e9zek 90 sz\u00e1zal\u00e9ka is\u00a0ide tartozik. Ez a legalacsonyabb szint, a n\u00e9gy kaszt k\u00f6z\u00fcl\r\n\r\nHa valaki magasabb kaszthoz tartozik, nem jelent automatikusan nagyobb vagyont. K\u00f6nnyen el\u0151fordulhat p\u00e9ld\u00e1ul, hogy a\u00a0szer\u00e9ny k\u00f6r\u00fclm\u00e9nyek k\u00f6z\u00f6tt \u00e9l\u0151\u00a0brahmana a gazdag sudr\u00e1nak dolgozik.\r\n<div>Aki Balira j\u00f6n \u00e9s van ideje n\u00e9zel\u0151dni,\u00a0illetve\u00a0besz\u00e9lgetni a balin\u00e9zekkel, azoknak hamar felt\u0171nik, hogy sok embert h\u00edvnak p\u00e9ld\u00e1ul\u00a0Wayannak, Madenak\u00a0vagy Nyomannak, r\u00e1ad\u00e1sul nemt\u0151l f\u00fcggetlen\u00fcl. Amikor meg\u00e9rkezt\u00fcnk Balira, megismertem Nyomant, aki\u00a0Apa karat\u00e9s bar\u00e1tja, nem sokkal\u00a0k\u00e9s\u0151bb tal\u00e1lkoztam egy h\u00f6lggyel, akit szint\u00e9n Nyomannak h\u00edvtak\u00a0(el\u0151sz\u00f6r azt hittem rosszul hallok, de kider\u00fclt, hogy nem:)\u00a0De vajon\u00a0hogyan lehets\u00e9ges ez?\u00a0Ennek oka szint\u00e9n a balin\u00e9z kasztrendszerben keresend\u0151. Az hogy ki milyen kaszthoz tartozik, m\u00e1r ak\u00e1r a n\u00e9vb\u0151l is megtudhatjuk.<\/div>\r\n<div>\r\n\r\n[caption id=\"attachment_296\" align=\"aligncenter\" width=\"300\"]<a href=\"https:\/\/iranybali.cafeblog.hu\/files\/2014\/05\/napi-ima.jpg\"><img class=\"size-medium wp-image-296\" src=\"https:\/\/iranybali.cafeblog.hu\/files\/2014\/05\/napi-ima-300x199.jpg\" alt=\"A napi ima minden kaszt \u00e9let\u00e9hez hozz\u00e1tartozik\" width=\"300\" height=\"199\" \/><\/a> A napi ima minden kaszt \u00e9let\u00e9hez hozz\u00e1tartozik[\/caption]\r\n\r\n<\/div>\r\n<div>Brahmana balin\u00e9zek neve el\u0151tt szerepl\u0151 Ida Bagus-t\u00a0a fi\u00fak\u00a0\u00e9s Ida Ayu nevet pedig a l\u00e1nyok kapj\u00e1k. A satri\u00e1k nevei Gusti Agunggal,\u00a0Anak Agunggal\u00a0vagy Cokorda-val eg\u00e9sz\u00fclnek ki, m\u00edg a wesya kaszthoz tartoz\u00f3k\u00a0neve el\u0151tt pedig a Gusti vagy Dewi szerepel.<\/div>\r\nAmikor egy sudra csal\u00e1dba sz\u00fcletik egy gyermek keresztnev\u00e9nek kiv\u00e1laszt\u00e1sa a sz\u00fclet\u00e9s sorrendj\u00e9t\u0151l f\u00fcgg\u0151en alakul:\r\n\r\n1. gyermek: Wayan, Putu vagy Gede\r\n\r\n2. gyermek: Made vagy Kadek\r\n\r\n3. gyermek: Nyoman vagy Komang\r\n\r\n4. gyermek: Ketut\r\n\r\nDe mi van akkor, ha\u00a0lesz m\u00e9g \u00f6t\u00f6dik, hatodik stb.. gyerek a csal\u00e1dban? Gyakorlatilag semmi k\u00fcl\u00f6n\u00f6s,a nem t\u00fal fant\u00e1ziad\u00fas\u00a0hagyom\u00e1ny szerint\u00a0az \u00f6t\u00f6dik gyerek megint Wayan vagy Putu, m\u00edg a hatodik Made vagy Kadek \u00e9s \u00edgy tov\u00e1bb:)\u00a0 Meg is k\u00e9rdeztem Made-t, hogy a nev\u00e9b\u0151l \u00edtelve \u0151 teh\u00e1t a m\u00e1sodik gyerek a csal\u00e1dban...mire elmondta, hogy \u0151 a hatodik \u00e9s rajta k\u00edv\u00fcl van m\u00e9g m\u00e1s Made is a testv\u00e9rek k\u00f6z\u00f6tt:D Made feles\u00e9g\u00e9t Wayannak h\u00edvj\u00e1k, de \u0151 a m\u00e1sodik nev\u00e9t\u00a0 haszn\u00e1lja (Gabi), mert Wayanb\u00f3l\u00a0t\u00fal sok\u00a0lakik a szigeten:) A n\u00e9vb\u0151l k\u00f6vetkeztethet\u00fcnk a nem\u00e9re is. A fi\u00fak neve el\u0151tt I szerepel, m\u00edg a l\u00e1nyokn\u00e1l a Ni...p\u00e9ld\u00e1ul I Wayan XY, biztos, hogy f\u00e9rfi:)))\r\n\r\nMade elmond\u00e1sa szerint az emberek t\u00f6bbs\u00e9ge kaszton bel\u00fcl h\u00e1zasodik, de az\u00e9rt persze el\u0151fordul az is amikor p\u00e9ld\u00e1ul\u00a0egy brahamana\u00a0 \u00e9s sudra szerelembe esnek. A magasabb kaszthoz tartoz\u00f3 csal\u00e1d ak\u00e1r ki is tagadhatja gyermek\u00e9t \u00e9s ilyen esetben az \"lecs\u00faszik\" a sudra kaszthoz.\u00a0Magasabb kasztba ker\u00fclni h\u00e1zass\u00e1g r\u00e9v\u00e9n nem lehets\u00e9ges, hiszen\u00a0a l\u00e1ny nem kapja meg a f\u00e9rj rangj\u00e1t automatikusan, csup\u00e1n\u00a0\"jero\"\u00a0jelzi a neve\u00a0el\u0151tt, hogy egy brahmana a f\u00e9rje.\u00a0\u00a0Az elt\u00e9r\u0151 kaszthoz tartoz\u00f3k h\u00e1zass\u00e1g\u00e1nak gy\u00fcm\u00f6lcse, a gyermek pedig\u00a0az \u00e9desapja kasztj\u00e1hoz fog tartozni. \u00c9s mi van akkor, ha egy balin\u00e9z k\u00fclf\u00f6ldivel k\u00f6t h\u00e1zass\u00e1got? \u00d6r\u00f6m \u00e9s boldogs\u00e1g a k\u00f6b\u00f6n, sok sz\u00e9p\u00a0balin\u00e9z l\u00e1ny v\u00e1rja a feh\u00e9r herceg\u00e9t, a feh\u00e9r f\u00e9rfiak legnagyobb \u00f6r\u00f6m\u00e9re:)\r\n\r\nA kasztrendszerek\u00a0napjainkban m\u00e1r nem annyira merevek, mint az \u0151si id\u0151kben, de a mai napig \u00e9l\u0151 hagyom\u00e1ny Bali sziget\u00e9n.\r\n\r\n&nbsp;","type":"rich","thumbnail_url":"https:\/\/iranybali.cafeblog.hu\/files\/2014\/05\/napi-ima-150x150.jpg","thumbnail_width":150,"thumbnail_height":150}